{"id":84,"date":"2016-04-19T05:29:11","date_gmt":"2016-04-19T05:29:11","guid":{"rendered":"http:\/\/splash.stylemixthemes.com\/?page_id=84"},"modified":"2026-08-11T10:10:28","modified_gmt":"2026-08-11T08:10:28","slug":"home-page-2","status":"publish","type":"page","link":"https:\/\/strasbourg-basket.fr\/","title":{"rendered":"Accueil"},"content":{"rendered":"<div class=\"wpb-content-wrapper\">\t\t<div data-elementor-type=\"wp-page\" data-elementor-id=\"84\" class=\"elementor elementor-84\">\n\t\t\t\t<div class=\"elementor-element elementor-element-6f9559a8 e-con-full e-flex e-con e-parent\" data-id=\"6f9559a8\" data-element_type=\"container\" data-e-type=\"container\">\n\t\t\t\t<div class=\"elementor-element elementor-element-74acc017 elementor-widget elementor-widget-text-editor\" data-id=\"74acc017\" data-element_type=\"widget\" data-e-type=\"widget\" data-widget_type=\"text-editor.default\">\n\t\t\t\t<div class=\"elementor-widget-container\">\n\t\t\t\t\t\t\t\t\t<p>[vc_row][vc_column]\n\t\t\t<!-- START Home Slider REVOLUTION SLIDER 6.7.16 --><p class=\"rs-p-wp-fix\"><\/p>\n\t\t\t<rs-module-wrap id=\"rev_slider_1_1_wrapper\" data-source=\"gallery\" style=\"visibility:hidden;background:#151515;padding:0;margin:0px auto;margin-top:0;margin-bottom:0;\">\n\t\t\t\t<rs-module id=\"rev_slider_1_1\" style=\"\" data-version=\"6.7.16\">\n\t\t\t\t\t<rs-slides style=\"overflow: hidden; position: absolute;\">\n\t\t\t\t\t\t<rs-slide style=\"position: absolute;\" data-key=\"rs-1\" data-title=\"NBA Highlights\" data-anim=\"adpr:false;\" data-in=\"o:0;\" data-out=\"a:false;\">\n\t\t\t\t\t\t\t<img decoding=\"async\" src=\"\/\/strasbourg-basket.fr\/wp-content\/plugins\/revslider\/sr6\/assets\/assets\/dummy.png\" alt=\"\" title=\"Accueil\" class=\"rev-slidebg tp-rs-img rs-lazyload\" data-lazyload=\"\/\/strasbourg-basket.fr\/wp-content\/uploads\/2017\/10\/slider-demo-1.jpg\" data-parallax=\"5\" data-panzoom=\"d:10000;ss:100;se:120;\" data-no-retina>\n<!--\n\t\t\t\t\t\t\t--><a\n\t\t\t\t\t\t\t\tid=\"slider-1-slide-1-layer-0\" \n\t\t\t\t\t\t\t\tclass=\"rs-layer rev-btn\"\n\t\t\t\t\t\t\t\thref=\"https:\/\/strasbourg-basket.fr\/index.php\/2026\/09\/01\/planning-des-entrainements\/\" target=\"_self\"\n\t\t\t\t\t\t\t\tdata-type=\"button\"\n\t\t\t\t\t\t\t\tdata-rsp_ch=\"on\"\n\t\t\t\t\t\t\t\tdata-xy=\"x:l,l,c,c;xo:415px,415px,0,0;y:t,t,m,m;yo:539px,539px,128px,-21px;\"\n\t\t\t\t\t\t\t\tdata-text=\"w:normal,normal,normal,normal;s:20,20,16,12;l:55,55,23,15;fw:500;a:center;\"\n\t\t\t\t\t\t\t\tdata-dim=\"w:354px,354px,230px,287px;h:55px,55px,42px,37px;minh:0px,0px,none,none;\"\n\t\t\t\t\t\t\t\tdata-padding=\"t:0,0,11,8;r:50,50,11,8;b:0,0,11,8;l:50,50,11,8;\"\n\t\t\t\t\t\t\t\tdata-border=\"bor:7px,7px,7px,7px;\"\n\t\t\t\t\t\t\t\tdata-frame_0=\"x:0,0,0px,0px;y:0,0,0px,0px;\"\n\t\t\t\t\t\t\t\tdata-frame_1=\"x:0,0,0px,0px;y:0,0,0px,0px;e:default;st:1410;sR:1410;\"\n\t\t\t\t\t\t\t\tdata-frame_999=\"o:0;st:w;sR:7290;\"\n\t\t\t\t\t\t\t\tstyle=\"z-index:7;background-color:rgba(201,0,63,0.8);font-family:'Roboto';\"\n\t\t\t\t\t\t\t>Planning des Entrainements \n\t\t\t\t\t\t\t<\/a><!--\n\n\t\t\t\t\t\t\t--><rs-layer\n\t\t\t\t\t\t\t\tid=\"slider-1-slide-1-layer-1\" \n\t\t\t\t\t\t\t\tdata-type=\"text\"\n\t\t\t\t\t\t\t\tdata-color=\"rgba(255,255,255,1)\"\n\t\t\t\t\t\t\t\tdata-rsp_ch=\"on\"\n\t\t\t\t\t\t\t\tdata-xy=\"x:c;y:m;yo:-8px,-8px,-8px,-107px;\"\n\t\t\t\t\t\t\t\tdata-text=\"s:52,52,30,21;l:57,57,57,23;a:left,left,center,center;\"\n\t\t\t\t\t\t\t\tdata-dim=\"w:auto,auto,702px,486px;\"\n\t\t\t\t\t\t\t\tdata-frame_0=\"y:-127px,-127px,-127px,-133px;\"\n\t\t\t\t\t\t\t\tdata-frame_1=\"e:power2.inOut;st:1000;sR:1000;\"\n\t\t\t\t\t\t\t\tdata-frame_999=\"y:-127px,-127px,-127px,-133px;o:0;e:nothing;st:w;sR:7700;\"\n\t\t\t\t\t\t\t\tstyle=\"z-index:9;font-family:'Graduate';\"\n\t\t\t\t\t\t\t>Association Sportive de Strasbourg \n\t\t\t\t\t\t\t<\/rs-layer><!--\n\n\t\t\t\t\t\t\t--><rs-layer\n\t\t\t\t\t\t\t\tid=\"slider-1-slide-1-layer-2\" \n\t\t\t\t\t\t\t\tclass=\"tp-shape tp-shapewrapper\"\n\t\t\t\t\t\t\t\tdata-type=\"shape\"\n\t\t\t\t\t\t\t\tdata-rsp_ch=\"on\"\n\t\t\t\t\t\t\t\tdata-xy=\"x:l,l,l,c;yo:1px,1px,0,0;\"\n\t\t\t\t\t\t\t\tdata-dim=\"w:100%;h:100%;minh:none,none,none,100px;\"\n\t\t\t\t\t\t\t\tdata-vbility=\"t,t,t,f\"\n\t\t\t\t\t\t\t\tdata-basealign=\"slide\"\n\t\t\t\t\t\t\t\tdata-margin=\"t:0,0,0,20;\"\n\t\t\t\t\t\t\t\tdata-border=\"bos:solid;boc:rgba(0,0,0,0.50);bow:0px,0,0,0;\"\n\t\t\t\t\t\t\t\tdata-frame_1=\"e:power2.inOut;sp:1.875;\"\n\t\t\t\t\t\t\t\tdata-frame_999=\"o:0;e:nothing;st:w;sp:1.875;sR:8999;\"\n\t\t\t\t\t\t\t\tstyle=\"z-index:6;background-color:rgba(0,0,0,0.50);\"\n\t\t\t\t\t\t\t> \n\t\t\t\t\t\t\t<\/rs-layer><!--\n\n\t\t\t\t\t\t\t--><rs-layer\n\t\t\t\t\t\t\t\tid=\"slider-1-slide-1-layer-3\" \n\t\t\t\t\t\t\t\tdata-type=\"image\"\n\t\t\t\t\t\t\t\tdata-rsp_ch=\"on\"\n\t\t\t\t\t\t\t\tdata-xy=\"x:c;yo:78px,78px,45px,30px;\"\n\t\t\t\t\t\t\t\tdata-text=\"w:normal;s:20,20,11,7;l:0,0,14,9;\"\n\t\t\t\t\t\t\t\tdata-dim=\"w:524px,524px,305px,209px;h:260px,260px,151px,103px;\"\n\t\t\t\t\t\t\t\tdata-frame_999=\"o:0;st:w;sR:8700;\"\n\t\t\t\t\t\t\t\tstyle=\"z-index:10;\"\n\t\t\t\t\t\t\t><img fetchpriority=\"high\" decoding=\"async\" src=\"\/\/strasbourg-basket.fr\/wp-content\/plugins\/revslider\/sr6\/assets\/assets\/dummy.png\" alt=\"\" class=\"tp-rs-img rs-lazyload\" width=\"710\" height=\"352\" data-lazyload=\"\/\/strasbourg-basket.fr\/wp-content\/uploads\/2025\/06\/2-Capture_d_\u00e9cran_2025-03-26_\u00e0_20.39.52-removebg-preview.png\" data-no-retina> \n\t\t\t\t\t\t\t<\/rs-layer><!--\n\n\t\t\t\t\t\t\t--><rs-layer\n\t\t\t\t\t\t\t\tid=\"slider-1-slide-1-layer-4\" \n\t\t\t\t\t\t\t\tdata-type=\"text\"\n\t\t\t\t\t\t\t\tdata-color=\"rgba(255,255,255,1)\"\n\t\t\t\t\t\t\t\tdata-rsp_ch=\"on\"\n\t\t\t\t\t\t\t\tdata-xy=\"x:c,c,c,l;xo:0,0,0,2px;y:m;yo:60px,60px,60px,-69px;\"\n\t\t\t\t\t\t\t\tdata-text=\"s:20,20,18,15;l:22,22,22,15;a:left,left,center,center;\"\n\t\t\t\t\t\t\t\tdata-dim=\"w:auto,auto,auto,482px;h:auto,auto,auto,21px;\"\n\t\t\t\t\t\t\t\tdata-frame_0=\"y:-50px,-50px,-50px,-34px;\"\n\t\t\t\t\t\t\t\tdata-frame_1=\"e:power2.inOut;st:1300;sR:1300;\"\n\t\t\t\t\t\t\t\tdata-frame_999=\"y:-50px,-50px,-50px,-34px;o:0;e:nothing;st:w;sR:7400;\"\n\t\t\t\t\t\t\t\tstyle=\"z-index:8;font-family:'Montserrat';\"\n\t\t\t\t\t\t\t>Depuis 1920, nous faisons vivre le basketball \u00e0 Strasbourg \n\t\t\t\t\t\t\t<\/rs-layer><!--\n-->\t\t\t\t\t<\/rs-slide>\n\t\t\t\t\t<\/rs-slides>\n\t\t\t\t<\/rs-module>\n\t\t\t\t<script>\n\t\t\t\t\tsetREVStartSize({c: 'rev_slider_1_1',rl:[1240,1240,778,480],el:[800,800,960,720],gw:[1200,1200,700,480],gh:[800,800,960,720],type:'standard',justify:'',layout:'fullwidth',mh:\"0\"});if (window.RS_MODULES!==undefined && window.RS_MODULES.modules!==undefined && window.RS_MODULES.modules[\"revslider11\"]!==undefined) {window.RS_MODULES.modules[\"revslider11\"].once = false;window.revapi1 = undefined;if (window.RS_MODULES.checkMinimal!==undefined) window.RS_MODULES.checkMinimal()}\n\t\t\t\t<\/script>\n\t\t\t<\/rs-module-wrap>\n\t\t\t<!-- END REVOLUTION SLIDER -->\n[\/vc_column][\/vc_row][vc_row full_width=&#8221;stretch_row&#8221; el_class=&#8221;stm-red-bg&#8221;][vc_column][stm_call_to_action button_type=&#8221;secondary&#8221; button_size=&#8221;btn-md&#8221; button_color_style=&#8221;style-4&#8243;\u00a0 css=&#8221;.vc_custom_1462183708853{margin-top: 74px !important;}&#8221;]<\/p>\t\t\t\t\t\t\t\t<\/div>\n\t\t\t\t<\/div>\n\t\t<div class=\"elementor-element elementor-element-a585030 e-con-full e-flex e-con e-child\" data-id=\"a585030\" data-element_type=\"container\" data-e-type=\"container\">\n\t\t\t\t<div class=\"elementor-element elementor-element-85cf37c elementor-widget elementor-widget-html\" data-id=\"85cf37c\" data-element_type=\"widget\" data-e-type=\"widget\" data-widget_type=\"html.default\">\n\t\t\t\t<div class=\"elementor-widget-container\">\n\t\t\t\t\t<section class=\"home-section\">\r\n\r\n  <!-- CLUB -->\r\n  <div class=\"home-block\">\r\n    <h2>LE CLUB<\/h2>\r\n    <p>D\u00e9couvrez l\u2019histoire, les valeurs et l\u2019identit\u00e9 de l\u2019AS Strasbourg Basket.<\/p>\r\n    <a href=\"https:\/\/strasbourg-basket.fr\/index.php\/about-club\/\" class=\"btn\">D\u00e9couvrir<\/a>\r\n  <\/div>\r\n\r\n  <!-- EQUIPES -->\r\n  <div class=\"home-grid\">\r\n\r\n    <a href=\"https:\/\/strasbourg-basket.fr\/index.php\/equipes\/\" class=\"card\">\r\n      <h3 align=\"center\" style=\"color: #fff;\"> \u00c9QUIPES <\/h3>\r\n      <p align=\"center\" style=\"color: #fff;\">Masculines & F\u00e9minines<\/p>\r\n      \r\n    <\/a>\r\n\r\n    <a href=\"https:\/\/www.hooper-store.fr\/club\/boutiques-clubs\/basket-ball\/as-strasbourg.html\" class=\"card\">\r\n      <h3 align=\"center\" style=\"color: #fff;\">BOUTIQUE<\/h3>\r\n      <p align=\"center\" style=\"color: #fff;\">S'\u00e9quiper aux couleurs du club<\/p>\r\n    <\/a>\r\n\r\n    <a href=\"https:\/\/www.helloasso.com\/associations\/association-sportive-de-strasbourg-section-baske\/formulaires\/1\" class=\"card\">\r\n      <h3 align=\"center\" style=\"color: #fff;\">DONATIONS<\/h3>\r\n      <p align=\"center\" style=\"color: #fff;\">Contribuer au projet<\/p>\r\n    <\/a>\r\n\r\n  <\/div>\r\n\r\n  <!-- DETECTIONS -->\r\n  <div class=\"home-block highlight\">\r\n    <h2>REJOINDRE LE CLUB<\/h2>\r\n    <p>R\u00e9aliser une pr\u00e9-inscription ou contactez-nous pour obtenir des informations.<\/p>\r\n    <a href=\"https:\/\/eu.forms.app\/assbasket\/nouveux-adherents-mutations\" target=\"_blank\" class=\"btn red\">S\u2019inscrire<\/a>\r\n     <a style=\"margin-left: 25px\"href=\"https:\/\/strasbourg-basket.fr\/index.php\/contacts\/\" target=\"_blank\" class=\"btn red\">Contact<\/a>\r\n  <\/div>\r\n\r\n  <!-- CONTACT -->\r\n  <div class=\"home-block\">\r\n    <h2>CONTACT<\/h2>\r\n    <p>Une question ? Contactez-nous directement.<\/p>\r\n    <a href=\"https:\/\/strasbourg-basket.fr\/index.php\/contacts\/\" class=\"btn\">Nous contacter<\/a>\r\n  <\/div>\r\n\r\n<\/section>\t\t\t\t<\/div>\n\t\t\t\t<\/div>\n\t\t\t\t<\/div>\n\t\t\t\t<\/div>\n\t\t\t\t<\/div>\n\t\t<\/div>","protected":false},"excerpt":{"rendered":"<p>[vc_row][vc_column][\/vc_column][\/vc_row][vc_row full_width=&#8221;stretch_row&#8221; el_class=&#8221;stm-red-bg&#8221;][vc_column][stm_call_to_action button_type=&#8221;secondary&#8221; button_size=&#8221;btn-md&#8221; button_color_style=&#8221;style-4&#8243;\u00a0 css=&#8221;.vc_custom_1462183708853{margin-top: 74px !important;}&#8221;] LE CLUB D\u00e9couvrez l\u2019histoire, les valeurs et l\u2019identit\u00e9 de l\u2019AS Strasbourg Basket. D\u00e9couvrir \u00c9QUIPES Masculines &#038; F\u00e9minines BOUTIQUE S&#8217;\u00e9quiper aux couleurs du club DONATIONS Contribuer au projet REJOINDRE LE CLUB R\u00e9aliser une pr\u00e9-inscription ou contactez-nous pour obtenir des informations. S\u2019inscrire Contact CONTACT Une question ? Contactez-nous&#8230;<\/p>\n","protected":false},"author":1,"featured_media":0,"parent":0,"menu_order":0,"comment_status":"closed","ping_status":"closed","template":"","meta":{"_uag_custom_page_level_css":"","footnotes":""},"class_list":["post-84","page","type-page","status-publish","hentry"],"yoast_head":"<!-- This site is optimized with the Yoast SEO plugin v28.4 - https:\/\/yoast.com\/product\/yoast-seo-wordpress\/ -->\n<title>Accueil - Strasbourg Basketball<\/title>\n<meta name=\"robots\" content=\"index, follow, max-snippet:-1, max-image-preview:large, max-video-preview:-1\" \/>\n<link rel=\"canonical\" href=\"https:\/\/strasbourg-basket.fr\/\" \/>\n<meta property=\"og:locale\" content=\"fr_FR\" \/>\n<meta property=\"og:type\" content=\"article\" \/>\n<meta property=\"og:title\" content=\"Accueil - Strasbourg Basketball\" \/>\n<meta property=\"og:description\" content=\"[vc_row][vc_column][\/vc_column][\/vc_row][vc_row full_width=&#8221;stretch_row&#8221; el_class=&#8221;stm-red-bg&#8221;][vc_column][stm_call_to_action button_type=&#8221;secondary&#8221; button_size=&#8221;btn-md&#8221; button_color_style=&#8221;style-4&#8243;\u00a0 css=&#8221;.vc_custom_1462183708853{margin-top: 74px !important;}&#8221;] LE CLUB D\u00e9couvrez l\u2019histoire, les valeurs et l\u2019identit\u00e9 de l\u2019AS Strasbourg Basket. D\u00e9couvrir \u00c9QUIPES Masculines &#038; F\u00e9minines BOUTIQUE S&#8217;\u00e9quiper aux couleurs du club DONATIONS Contribuer au projet REJOINDRE LE CLUB R\u00e9aliser une pr\u00e9-inscription ou contactez-nous pour obtenir des informations. S\u2019inscrire Contact CONTACT Une question ? Contactez-nous...\" \/>\n<meta property=\"og:url\" content=\"https:\/\/strasbourg-basket.fr\/\" \/>\n<meta property=\"og:site_name\" content=\"Strasbourg Basketball\" \/>\n<meta property=\"article:modified_time\" content=\"2026-08-11T08:10:28+00:00\" \/>\n<meta name=\"twitter:card\" content=\"summary_large_image\" \/>\n<meta name=\"twitter:label1\" content=\"Dur\u00e9e de lecture estim\u00e9e\" \/>\n\t<meta name=\"twitter:data1\" content=\"1 minute\" \/>\n<script type=\"application\/ld+json\" class=\"yoast-schema-graph\">{\"@context\":\"https:\\\/\\\/schema.org\",\"@graph\":[{\"@type\":\"WebPage\",\"@id\":\"https:\\\/\\\/strasbourg-basket.fr\\\/\",\"url\":\"https:\\\/\\\/strasbourg-basket.fr\\\/\",\"name\":\"Accueil - Strasbourg Basketball\",\"isPartOf\":{\"@id\":\"https:\\\/\\\/strasbourg-basket.fr\\\/#website\"},\"datePublished\":\"2016-04-19T05:29:11+00:00\",\"dateModified\":\"2026-08-11T08:10:28+00:00\",\"breadcrumb\":{\"@id\":\"https:\\\/\\\/strasbourg-basket.fr\\\/#breadcrumb\"},\"inLanguage\":\"fr-FR\",\"potentialAction\":[{\"@type\":\"ReadAction\",\"target\":[\"https:\\\/\\\/strasbourg-basket.fr\\\/\"]}]},{\"@type\":\"BreadcrumbList\",\"@id\":\"https:\\\/\\\/strasbourg-basket.fr\\\/#breadcrumb\",\"itemListElement\":[{\"@type\":\"ListItem\",\"position\":1,\"name\":\"Accueil\",\"item\":\"https:\\\/\\\/strasbourg-basket.fr\\\/\"},{\"@type\":\"ListItem\",\"position\":2,\"name\":\"Accueil\"}]},{\"@type\":\"WebSite\",\"@id\":\"https:\\\/\\\/strasbourg-basket.fr\\\/#website\",\"url\":\"https:\\\/\\\/strasbourg-basket.fr\\\/\",\"name\":\"AS Strasbourg Basketball\",\"description\":\"Depuis 1920 pour faire vivre le basket Strasbourgeois\",\"publisher\":{\"@id\":\"https:\\\/\\\/strasbourg-basket.fr\\\/#organization\"},\"potentialAction\":[{\"@type\":\"SearchAction\",\"target\":{\"@type\":\"EntryPoint\",\"urlTemplate\":\"https:\\\/\\\/strasbourg-basket.fr\\\/?s={search_term_string}\"},\"query-input\":{\"@type\":\"PropertyValueSpecification\",\"valueRequired\":true,\"valueName\":\"search_term_string\"}}],\"inLanguage\":\"fr-FR\"},{\"@type\":\"Organization\",\"@id\":\"https:\\\/\\\/strasbourg-basket.fr\\\/#organization\",\"name\":\"AS Strasbourg Basketball\",\"url\":\"https:\\\/\\\/strasbourg-basket.fr\\\/\",\"logo\":{\"@type\":\"ImageObject\",\"inLanguage\":\"fr-FR\",\"@id\":\"https:\\\/\\\/strasbourg-basket.fr\\\/#\\\/schema\\\/logo\\\/image\\\/\",\"url\":\"https:\\\/\\\/strasbourg-basket.fr\\\/wp-content\\\/uploads\\\/2023\\\/05\\\/blason_rouge-fond-transparent-e1686317879738.png\",\"contentUrl\":\"https:\\\/\\\/strasbourg-basket.fr\\\/wp-content\\\/uploads\\\/2023\\\/05\\\/blason_rouge-fond-transparent-e1686317879738.png\",\"width\":2891,\"height\":2565,\"caption\":\"AS Strasbourg Basketball\"},\"image\":{\"@id\":\"https:\\\/\\\/strasbourg-basket.fr\\\/#\\\/schema\\\/logo\\\/image\\\/\"}}]}<\/script>\n<!-- \/ Yoast SEO plugin. -->","yoast_head_json":{"title":"Accueil - Strasbourg Basketball","robots":{"index":"index","follow":"follow","max-snippet":"max-snippet:-1","max-image-preview":"max-image-preview:large","max-video-preview":"max-video-preview:-1"},"canonical":"https:\/\/strasbourg-basket.fr\/","og_locale":"fr_FR","og_type":"article","og_title":"Accueil - Strasbourg Basketball","og_description":"[vc_row][vc_column][\/vc_column][\/vc_row][vc_row full_width=&#8221;stretch_row&#8221; el_class=&#8221;stm-red-bg&#8221;][vc_column][stm_call_to_action button_type=&#8221;secondary&#8221; button_size=&#8221;btn-md&#8221; button_color_style=&#8221;style-4&#8243;\u00a0 css=&#8221;.vc_custom_1462183708853{margin-top: 74px !important;}&#8221;] LE CLUB D\u00e9couvrez l\u2019histoire, les valeurs et l\u2019identit\u00e9 de l\u2019AS Strasbourg Basket. D\u00e9couvrir \u00c9QUIPES Masculines &#038; F\u00e9minines BOUTIQUE S&#8217;\u00e9quiper aux couleurs du club DONATIONS Contribuer au projet REJOINDRE LE CLUB R\u00e9aliser une pr\u00e9-inscription ou contactez-nous pour obtenir des informations. S\u2019inscrire Contact CONTACT Une question ? Contactez-nous...","og_url":"https:\/\/strasbourg-basket.fr\/","og_site_name":"Strasbourg Basketball","article_modified_time":"2026-08-11T08:10:28+00:00","twitter_card":"summary_large_image","twitter_misc":{"Dur\u00e9e de lecture estim\u00e9e":"1 minute"},"schema":{"@context":"https:\/\/schema.org","@graph":[{"@type":"WebPage","@id":"https:\/\/strasbourg-basket.fr\/","url":"https:\/\/strasbourg-basket.fr\/","name":"Accueil - Strasbourg Basketball","isPartOf":{"@id":"https:\/\/strasbourg-basket.fr\/#website"},"datePublished":"2016-04-19T05:29:11+00:00","dateModified":"2026-08-11T08:10:28+00:00","breadcrumb":{"@id":"https:\/\/strasbourg-basket.fr\/#breadcrumb"},"inLanguage":"fr-FR","potentialAction":[{"@type":"ReadAction","target":["https:\/\/strasbourg-basket.fr\/"]}]},{"@type":"BreadcrumbList","@id":"https:\/\/strasbourg-basket.fr\/#breadcrumb","itemListElement":[{"@type":"ListItem","position":1,"name":"Accueil","item":"https:\/\/strasbourg-basket.fr\/"},{"@type":"ListItem","position":2,"name":"Accueil"}]},{"@type":"WebSite","@id":"https:\/\/strasbourg-basket.fr\/#website","url":"https:\/\/strasbourg-basket.fr\/","name":"AS Strasbourg Basketball","description":"Depuis 1920 pour faire vivre le basket Strasbourgeois","publisher":{"@id":"https:\/\/strasbourg-basket.fr\/#organization"},"potentialAction":[{"@type":"SearchAction","target":{"@type":"EntryPoint","urlTemplate":"https:\/\/strasbourg-basket.fr\/?s={search_term_string}"},"query-input":{"@type":"PropertyValueSpecification","valueRequired":true,"valueName":"search_term_string"}}],"inLanguage":"fr-FR"},{"@type":"Organization","@id":"https:\/\/strasbourg-basket.fr\/#organization","name":"AS Strasbourg Basketball","url":"https:\/\/strasbourg-basket.fr\/","logo":{"@type":"ImageObject","inLanguage":"fr-FR","@id":"https:\/\/strasbourg-basket.fr\/#\/schema\/logo\/image\/","url":"https:\/\/strasbourg-basket.fr\/wp-content\/uploads\/2023\/05\/blason_rouge-fond-transparent-e1686317879738.png","contentUrl":"https:\/\/strasbourg-basket.fr\/wp-content\/uploads\/2023\/05\/blason_rouge-fond-transparent-e1686317879738.png","width":2891,"height":2565,"caption":"AS Strasbourg Basketball"},"image":{"@id":"https:\/\/strasbourg-basket.fr\/#\/schema\/logo\/image\/"}}]}},"uagb_featured_image_src":{"full":false,"thumbnail":false,"medium":false,"medium_large":false,"large":false,"1536x1536":false,"2048x2048":false,"htmega_size_585x295":false,"htmega_size_1170x536":false,"htmega_size_396x360":false,"sportspress-crop-medium":false,"sportspress-fit-medium":false,"sportspress-fit-icon":false,"sportspress-fit-mini":false,"stm-1140-666":false,"stm-1170-650":false,"stm-570-350":false,"stm-570-250":false,"stm-270-370":false,"stm-540-500":false,"stm-270-530":false,"stm-200-200":false,"stm-85-105":false,"stm-255-255":false,"stm-360-240":false,"stm-360-495":false,"stm-445-400":false,"stm-735-240":false,"stm-255-183":false,"stm-350-250":false,"blog_list":false,"blog_list_medium":false,"gallery_thumbnail":false,"gallery_image":false,"gallery_image_mini":false,"player_photo":false,"team_logo":false,"player_stat_ava":false,"post-350-220":false,"post-275-142":false,"post-160-120":false,"post-110-70":false,"post-770-450":false,"post-370-210":false,"post-457-470":false,"post-370-420":false,"stm-445-445":false,"stm-555-460":false,"stm-350-450":false,"stm-720-440":false,"stm-270-270":false,"stm-760-450":false},"uagb_author_info":{"display_name":"Pierre Banzet","author_link":"https:\/\/strasbourg-basket.fr\/index.php\/author\/admin4230\/"},"uagb_comment_info":0,"uagb_excerpt":"[vc_row][vc_column][\/vc_column][\/vc_row][vc_row full_width=&#8221;stretch_row&#8221; el_class=&#8221;stm-red-bg&#8221;][vc_column][stm_call_to_action button_type=&#8221;secondary&#8221; button_size=&#8221;btn-md&#8221; button_color_style=&#8221;style-4&#8243;\u00a0 css=&#8221;.vc_custom_1462183708853{margin-top: 74px !important;}&#8221;] LE CLUB D\u00e9couvrez l\u2019histoire, les valeurs et l\u2019identit\u00e9 de l\u2019AS Strasbourg Basket. D\u00e9couvrir \u00c9QUIPES Masculines &#038; F\u00e9minines BOUTIQUE S&#8217;\u00e9quiper aux couleurs du club DONATIONS Contribuer au projet REJOINDRE LE CLUB R\u00e9aliser une pr\u00e9-inscription ou contactez-nous pour obtenir des informations. S\u2019inscrire Contact CONTACT Une question ? Contactez-nous...","_links":{"self":[{"href":"https:\/\/strasbourg-basket.fr\/index.php\/wp-json\/wp\/v2\/pages\/84","targetHints":{"allow":["GET"]}}],"collection":[{"href":"https:\/\/strasbourg-basket.fr\/index.php\/wp-json\/wp\/v2\/pages"}],"about":[{"href":"https:\/\/strasbourg-basket.fr\/index.php\/wp-json\/wp\/v2\/types\/page"}],"author":[{"embeddable":true,"href":"https:\/\/strasbourg-basket.fr\/index.php\/wp-json\/wp\/v2\/users\/1"}],"replies":[{"embeddable":true,"href":"https:\/\/strasbourg-basket.fr\/index.php\/wp-json\/wp\/v2\/comments?post=84"}],"version-history":[{"count":67,"href":"https:\/\/strasbourg-basket.fr\/index.php\/wp-json\/wp\/v2\/pages\/84\/revisions"}],"predecessor-version":[{"id":2687,"href":"https:\/\/strasbourg-basket.fr\/index.php\/wp-json\/wp\/v2\/pages\/84\/revisions\/2687"}],"wp:attachment":[{"href":"https:\/\/strasbourg-basket.fr\/index.php\/wp-json\/wp\/v2\/media?parent=84"}],"curies":[{"name":"wp","href":"https:\/\/api.w.org\/{rel}","templated":true}]}}